{"version":"1.0","provider_name":"Association Baden D\u00e9veloppement","provider_url":"https:\/\/baden-developpement.org","author_name":"admin2198","author_url":"https:\/\/baden-developpement.org\/index.php\/author\/admin2198\/","title":"ASSOCIATION BADEN D\u00c9VELOPPEMENT - Association Baden D\u00e9veloppement","type":"rich","width":600,"height":338,"html":"<blockquote class=\"wp-embedded-content\" data-secret=\"A6Vixte5ZP\"><a href=\"https:\/\/baden-developpement.org\/index.php\/nos-valeurs\/\">ASSOCIATION BADEN D\u00c9VELOPPEMENT<\/a><\/blockquote><iframe sandbox=\"allow-scripts\" security=\"restricted\" src=\"https:\/\/baden-developpement.org\/index.php\/nos-valeurs\/embed\/#?secret=A6Vixte5ZP\" width=\"600\" height=\"338\" title=\"\u00ab\u00a0ASSOCIATION BADEN D\u00c9VELOPPEMENT\u00a0\u00bb &#8212; Association Baden D\u00e9veloppement\" data-secret=\"A6Vixte5ZP\" frameborder=\"0\" marginwidth=\"0\" marginheight=\"0\" scrolling=\"no\" class=\"wp-embedded-content\"><\/iframe><script type=\"text\/javascript\">\n\/* <![CDATA[ *\/\n\/*! This file is auto-generated *\/\n!function(d,l){\"use strict\";l.querySelector&&d.addEventListener&&\"undefined\"!=typeof URL&&(d.wp=d.wp||{},d.wp.receiveEmbedMessage||(d.wp.receiveEmbedMessage=function(e){var t=e.data;if((t||t.secret||t.message||t.value)&&!\/[^a-zA-Z0-9]\/.test(t.secret)){for(var s,r,n,a=l.querySelectorAll('iframe[data-secret=\"'+t.secret+'\"]'),o=l.querySelectorAll('blockquote[data-secret=\"'+t.secret+'\"]'),c=new RegExp(\"^https?:$\",\"i\"),i=0;i<o.length;i++)o[i].style.display=\"none\";for(i=0;i<a.length;i++)s=a[i],e.source===s.contentWindow&&(s.removeAttribute(\"style\"),\"height\"===t.message?(1e3<(r=parseInt(t.value,10))?r=1e3:~~r<200&&(r=200),s.height=r):\"link\"===t.message&&(r=new URL(s.getAttribute(\"src\")),n=new URL(t.value),c.test(n.protocol))&&n.host===r.host&&l.activeElement===s&&(d.top.location.href=t.value))}},d.addEventListener(\"message\",d.wp.receiveEmbedMessage,!1),l.addEventListener(\"DOMContentLoaded\",function(){for(var e,t,s=l.querySelectorAll(\"iframe.wp-embedded-content\"),r=0;r<s.length;r++)(t=(e=s[r]).getAttribute(\"data-secret\"))||(t=Math.random().toString(36).substring(2,12),e.src+=\"#?secret=\"+t,e.setAttribute(\"data-secret\",t)),e.contentWindow.postMessage({message:\"ready\",secret:t},\"*\")},!1)))}(window,document);\n\/\/# sourceURL=https:\/\/baden-developpement.org\/wp-includes\/js\/wp-embed.min.js\n\/* ]]> *\/\n<\/script>\n","description":"courrier.abd@gmail.com Cr\u00e9\u00e9e en 2021 en association loi 1901 par un groupe de Badennois, de citoyens, d\u00e9sireux d\u2019agir pour le Bien Commun, ABD est porteuse de valeurs qu\u2019elle entend traduire dans toutes ses initiatives. Nos valeurs ABD est r\u00e9unie autour de valeurs humaines garantissant comme mode de fonctionnement, la transparence, l\u2019ouverture, le dialogue, l\u2019\u00e9coute, le sens du collectif, l\u2019investissement personnel et la transmission des connaissances.ABD se positionne comme une alternative citoyenne en faveur du bien vivre ensemble et s\u2019adresse \u00e0 tous les r\u00e9sidents de Baden, particuliers et professionnels, milieux associatifs locaux, \u00e9quipe municipale \u00e9lue.ABD s\u2019affirme comme un vecteur de lien social agissant en faveur du \u00ab Bien Commun \u00bb.ABD s\u2019appuie sur un fonctionnement collectif bas\u00e9 sur la participation et l&rsquo;engagement de chacun. Elle encourage toutes les initiatives. OBJECTIF N\u00b01 ACCUEILLIR, PARTAGER, CR\u00c9ER UN LIEN VISIBLE ENTREL\u2019ASSOCIATION ET LES HABITANTS DE BADEN.COMMENT ? Organiser des \u00e9changes et des points de rencontre physique entre adh\u00e9rents et sympathisants de l\u2019association afin qu\u2019ils en deviennent les ambassadeurs.Planifier des rendez-vous et\/ou des \u00e9v\u00e8nements avec la population au sein des espaces publics, des quartiers, des zones d\u2019attractivit\u00e9s commerciales (Carrefour, Toul Broche, march\u00e9 de pays en centre bourg, Port Blanc durant la p\u00e9riode estivale).Participer aux d\u00e9bats qui alimentent les grands projets municipaux, comme l\u2019am\u00e9nagement du centre-bourg par exemple.S\u2019impliquer dans l\u2019accueil des nouveaux arrivants de Baden en synergie avec l\u2019association AVF (Accueil des Villes Fran\u00e7aises). S\u2019appuyer sur des chiffres-cl\u00e9s publi\u00e9s par la Municipalit\u00e9. OBJECTIF N\u00b0 2 POSITIONNER ABD COMME UN ACTEUR D\u2019INFLUENCE DE LA VIE LOCALE EN MATI\u00c8RE DE D\u00c9VELOPPEMENT \u00c9CONOMIQUE, DURABLE, CULTUREL ET SOCIAL. COMMENT ? Mettre en place un ANNUAIRE regroupant les comp\u00e9tences personnelles et professionnelles des adh\u00e9rents ainsi que leurs centres d\u2019int\u00e9r\u00eat, sur la base du volontariat.Susciter des SYNERGIES entre les adh\u00e9rents volontaires pour cr\u00e9er et animer des groupes de travail ou des CERCLES DE R\u00c9FLEXION, portant sur des th\u00e9matiques choisies et d\u00e9finies comme vecteurs de progr\u00e8s pour le plus grand nombre : \u00c9conomie &amp; d\u00e9veloppement, liens interg\u00e9n\u00e9rationnels, d\u00e9veloppement des mobilit\u00e9s douces, qualit\u00e9 de vie, protection de l\u2019environnement\u2026Formuler et diffuser le R\u00c9SULTAT du travail effectu\u00e9 sous la forme de propositions ou d\u2019actions concr\u00e8tes aupr\u00e8s :. des adh\u00e9rents,. des associations locales,. des instances repr\u00e9sentatives (Chambre de commerce, syndicats professionnels, GMVA, r\u00e9gion, d\u00e9partement, municipalit\u00e9 de Baden). OBJECTIF N\u00b0 3 ASSURER UNE VEILLE PROSPECTIVE DES PROJETS SENSIBLES POURLE D\u00c9VELOPPEMENT DE BADEN COMMENT ? Cibler les projets sensibles pour le d\u00e9veloppement de Baden, devenir source de r\u00e9flexions \u00e0 caract\u00e8re strat\u00e9gique et suivre l\u2019\u00e9volution des projets en cours : Am\u00e9nagement du centre-bourg, Toul Broche, Port Blanc, \u00e9quipements publics.R\u00e9server une place prioritaire aux initiatives innovantes et \u00e9mergentes r\u00e9pondant \u00e0 des nouveaux besoins recherch\u00e9s et soutenus par la population : fili\u00e8res artisanales, circuits courts, agriculture biologique, tiers-lieux, espaces de travail de proximit\u00e9.Identifier les attraits \u00e9conomiques, touristiques et culturels de Baden :. recourir \u00e0 des donn\u00e9es quantitatives v\u00e9rifiables (acc\u00e8s aux donn\u00e9es publiques d\u00e9livr\u00e9es par la mairie, les chambres consulaires, GMVA).. lister les attentes des acteurs locaux implant\u00e9s localement (donn\u00e9es collect\u00e9es lors de groupes de parole ou de questionnaires).Valoriser les t\u00e9moignages des acteurs locaux (entrepreneurs, commer\u00e7ants, auto-entrepreneurs, professions lib\u00e9rales) positionnant Baden comme une commune attractive. OBJECTIF N\u00b0 4 RELATIONS AVEC LES \u00c9LUS, \u00caTRE FORCE DE PROPOSITION ET D\u2019APPUI POUR TOUTES INITIATIVES EN FAVEUR DU D\u00c9VELOPPEMENT DE BADEN. COMMENT ? Participer aux comit\u00e9s consultatifs mis en place par le Conseil Municipal sur des th\u00e8mes engageant le d\u00e9veloppement de la commune : am\u00e9nagement du centre bourg, conception du nouveau site web de la commune, relations avec les associations.Engager un dialogue fructueux avec des \u00e9lus en charge de dossiers cibl\u00e9s n\u00e9cessitant une expertise technique ou autre.Recueillir attentes et besoins des Badennois par la mise en place de groupes d&rsquo;opinion identifi\u00e9s, afin de v\u00e9rifier l&rsquo;ad\u00e9quation entre les besoins exprim\u00e9s et les propositions \u00e0 venir.Mobiliser les r\u00e9seaux, professionnels et associatifs, en vue de positionner l\u2019association comme une force de proposition et apporter un soutien op\u00e9rationnel \u00e0 la conduite de certains projets :cahier des charges, ordonnancement des projets, acc\u00e8s \u00e0 des possibilit\u00e9s de financements et des aides sp\u00e9cifiques. DEMAIN S\u2019\u00c9CRIT AUJOURD\u2019HUI Notre commune s\u2019inscrit sur un territoire rural en plein d\u00e9veloppement et qui accueille des p\u00f4les d\u2019attractivit\u00e9 vari\u00e9s : activit\u00e9s traditionnelles d\u2019exploitations ostr\u00e9icole et agricole, fili\u00e8re mara\u00eech\u00e8re et biologique,chantiers et activit\u00e9s nautiques, activit\u00e9s artisanales et touristiques. Baden est une commune qui offre un cadre de vie de qualit\u00e9, situ\u00e9e \u00e0 12 km de Vannes, entre terre et mer et dont la population s&rsquo;accro\u00eet depuis plusieurs ann\u00e9es.. Au sein de l\u2019agglom\u00e9ration GMVA, Baden souffre d\u2019un d\u00e9ficit d\u2019image par rapport \u00e0 des communes voisines comme Arradon et l\u2019Ile aux Moines, qui b\u00e9n\u00e9ficient d&rsquo;un int\u00e9r\u00eat historique bien \u00e9tabli et d\u2019une notori\u00e9t\u00e9 qui d\u00e9passe le cadre de l\u2019agglom\u00e9ration. La commune jouit cependant d&rsquo;un positionnement g\u00e9ographique tr\u00e8s favorable \u00e0 l&rsquo;int\u00e9rieur de GMVA.. Baden est actuellement g\u00e9r\u00e9e par une \u00e9quipe municipale \u00e9lue en 2020.Cette \u00e9quipe demeure discr\u00e8te sur ses actions et y associe peu la population, contrairement \u00e0 ses engagements.. C\u2019est dans ce contexte, que nous voulons, ensemble, contribuer utilement \u00e0 l&rsquo;adaptation des services, au bien vivre et \u00e0 une bonne visibilit\u00e9 de la commune dans son \u00e9cosyst\u00e8me.ABD proposera, en toute ind\u00e9pendance de l\u2019\u00e9quipe municipale actuelle, des initiatives en mati\u00e8re de d\u00e9veloppement durable, de d\u00e9veloppement \u00e9conomique et culturel et deviendra un interlocuteur d\u2019envergure et fiable. Cet argumentaire a \u00e9t\u00e9 r\u00e9dig\u00e9 afin que chacun s\u2019approprie les \u00e9l\u00e9ments caract\u00e9ristiques de l\u2019association ; les adh\u00e9rents \u201cambassadeurs\u201d pourront en argumenter le bien-fond\u00e9 aupr\u00e8s d\u2019interlocuteurs susceptibles de nous rejoindre.L\u2019\u00e9quipe reste \u00e0 l\u2019\u00e9coute : elle attend vos suggestions et r\u00e9pondra \u00e0 vos interrogations."}